{"id":194,"date":"2016-02-22T12:47:30","date_gmt":"2016-02-22T12:47:30","guid":{"rendered":"http:\/\/bridge11.qodeinteractive.com\/?page_id=4"},"modified":"2024-10-31T14:56:51","modified_gmt":"2024-10-31T17:56:51","slug":"home","status":"publish","type":"page","link":"https:\/\/www.mosc.org.br\/museuvirtual\/","title":{"rendered":"Home"},"content":{"rendered":"<div class=\"wpb-content-wrapper\"><p>[vc_row css_animation=&#8221;&#8221; row_type=&#8221;row&#8221; use_row_as_full_screen_section=&#8221;no&#8221; type=&#8221;full_width&#8221; angled_section=&#8221;no&#8221; text_align=&#8221;left&#8221; background_image_as_pattern=&#8221;without_pattern&#8221;][vc_column offset=&#8221;vc_hidden-sm vc_hidden-xs&#8221;]\n\t\t\t\t<p class=\"rs-p-wp-fix\"><\/p>\n\t\t\t\t<sr7-module data-alias=\"slider-ipf\" data-id=\"2\" id=\"SR7_2_1\" class=\"rs-ov-hidden\" data-version=\"6.7.18\">\n\t\t\t\t\t<sr7-adjuster><\/sr7-adjuster>\n\t\t\t\t\t<sr7-content>\n\t\t\t\t\t\t<sr7-slide id=\"SR7_2_1-3\" data-key=\"3\">\n\t\t\t\t\t\t\t<a id=\"SR7_2_1-3-1\" class=\"sr7-layer\" href=\"https:\/\/www.mosc.org.br\/museuvirtual\/acervos\/\" target=\"_self\">Bem-vindos \u00e0 Exposi\u00e7\u00e3o Online do MOSC<\/a>\n\t\t\t\t\t\t\t<a id=\"SR7_2_1-3-10\" class=\"sr7-layer\" href=\"https:\/\/www.mosc.org.br\/museuvirtual\/acervos\/\" target=\"_self\">A hist\u00f3ria da Odontologia em Santa Catarina come\u00e7ou em 1917, com a cria\u00e7\u00e3o do primeiro curso na \u00e1rea, no Instituto Polytechnico de Florian\u00f3polis.<br \/>\n<br \/>\nAo longo de mais de 100 anos, essa trajet\u00f3ria se entrela\u00e7ou com a vida de todos que passaram por um cirurgi\u00e3o-dentista.<br \/>\n<br \/>\nVenha conhecer mais desta hist\u00f3ria fazendo uma visita ao acervo do Museu da Odontologia de Santa Catarina!<\/a>\n\t\t\t\t\t\t\t<a id=\"SR7_2_1-3-11\" class=\"sr7-layer\" href=\"https:\/\/www.mosc.org.br\/museuvirtual\/acervos\/\" target=\"_self\">Clique aqui e explore nosso Museu Virtual<\/a>\n\t\t\t\t\t\t<\/sr7-slide>\n\t\t\t\t\t\t<sr7-slide id=\"SR7_2_1-4\" data-key=\"4\">\n\t\t\t\t\t\t<\/sr7-slide>\n\t\t\t\t\t<\/sr7-content>\n\t\t\t\t\t<image_lists style=\"display:none\">\n\t\t\t\t\t\t<img data-src=\"\/\/www.mosc.org.br\/museuvirtual\/wp-content\/uploads\/2024\/09\/antigo.png\" data-libid=\"323\" data-lib=\"medialibrary\" title=\"antigo\" width=\"0\" height=\"0\" data-dbsrc=\"Ly93d3cubW9zYy5vcmcuYnIvbXVzZXV2aXJ0dWFsL3dwLWNvbnRlbnQvdXBsb2Fkcy8yMDI0LzA5L2FudGlnby5wbmc=\"\/>\n\t\t\t\t\t\t<img data-src=\"\/\/www.mosc.org.br\/museuvirtual\/wp-content\/uploads\/2024\/10\/ipt-fundo-transparente.png\" data-libid=\"426\" data-lib=\"medialibrary\" width=\"0\" height=\"0\" data-dbsrc=\"Ly93d3cubW9zYy5vcmcuYnIvbXVzZXV2aXJ0dWFsL3dwLWNvbnRlbnQvdXBsb2Fkcy8yMDI0LzEwL2lwdC1mdW5kby10cmFuc3BhcmVudGUucG5n\"\/>\n\t\t\t\t\t<\/image_lists>\n\t\t\t\t<\/sr7-module>\n\t\t\t\t<script>\n\t\t\t\t\tSR7.PMH ??={}; SR7.PMH[\"SR7_2_1\"] = {cn:0,state:false,fn: function() { if (_tpt!==undefined && _tpt.prepareModuleHeight !== undefined) {  _tpt.prepareModuleHeight({id:\"SR7_2_1\",el:[640,640,768,960,720],type:'standard',shdw:'0',gh:[640,640,640,960,720],gw:[1240,1240,1024,778,480],vpt:['100px&#039;,&#039;100px&#039;,&#039;100px&#039;,&#039;100px&#039;,&#039;100px'],size:{fullWidth:true, fullHeight:false},mh:'0',onh:0,onw:0,bg:{color:'{\"type\":\"solid\",\"orig\":\"#ecece9\",\"string\":\"rgba(236, 236, 233, 1)\"}'}});   SR7.PMH[\"SR7_2_1\"].state=true;} else if((SR7.PMH[\"SR7_2_1\"].cn++)<100)\tsetTimeout( SR7.PMH[\"SR7_2_1\"].fn,19);}};SR7.PMH[\"SR7_2_1\" ].fn();\n\t\t\t\t<\/script>\n[\/vc_column][\/vc_row][vc_row css_animation=&#8221;&#8221; row_type=&#8221;row&#8221; use_row_as_full_screen_section=&#8221;no&#8221; type=&#8221;full_width&#8221; angled_section=&#8221;no&#8221; text_align=&#8221;left&#8221; background_image_as_pattern=&#8221;without_pattern&#8221;][vc_column offset=&#8221;vc_hidden-lg vc_hidden-md&#8221;]\n\t\t\t\t<p class=\"rs-p-wp-fix\"><\/p>\n\t\t\t\t<sr7-module data-alias=\"slider-ipf-1\" data-id=\"3\" id=\"SR7_3_2\" class=\"rs-ov-hidden\" data-version=\"6.7.18\">\n\t\t\t\t\t<sr7-adjuster><\/sr7-adjuster>\n\t\t\t\t\t<sr7-content>\n\t\t\t\t\t\t<sr7-slide id=\"SR7_3_2-5\" data-key=\"5\">\n\t\t\t\t\t\t\t<a id=\"SR7_3_2-5-1\" class=\"sr7-layer\" href=\"https:\/\/www.mosc.org.br\/museuvirtual\/acervos\/\" target=\"_self\">Bem-vindos \u00e0 Exposi\u00e7\u00e3o<\/BR> Online do MOSC<\/a>\n\t\t\t\t\t\t<\/sr7-slide>\n\t\t\t\t\t\t<sr7-slide id=\"SR7_3_2-6\" data-key=\"6\">\n\t\t\t\t\t\t<\/sr7-slide>\n\t\t\t\t\t<\/sr7-content>\n\t\t\t\t\t<image_lists style=\"display:none\">\n\t\t\t\t\t\t<img data-src=\"\/\/www.mosc.org.br\/museuvirtual\/wp-content\/uploads\/2024\/09\/antigo.png\" data-libid=\"323\" data-lib=\"medialibrary\" title=\"antigo\" width=\"0\" height=\"0\" data-dbsrc=\"Ly93d3cubW9zYy5vcmcuYnIvbXVzZXV2aXJ0dWFsL3dwLWNvbnRlbnQvdXBsb2Fkcy8yMDI0LzA5L2FudGlnby5wbmc=\"\/>\n\t\t\t\t\t\t<img data-src=\"\/\/www.mosc.org.br\/museuvirtual\/wp-content\/uploads\/2024\/10\/ipt-fundo-transparente.png\" data-libid=\"426\" data-lib=\"medialibrary\" width=\"0\" height=\"0\" data-dbsrc=\"Ly93d3cubW9zYy5vcmcuYnIvbXVzZXV2aXJ0dWFsL3dwLWNvbnRlbnQvdXBsb2Fkcy8yMDI0LzEwL2lwdC1mdW5kby10cmFuc3BhcmVudGUucG5n\"\/>\n\t\t\t\t\t<\/image_lists>\n\t\t\t\t<\/sr7-module>\n\t\t\t\t<script>\n\t\t\t\t\tSR7.PMH ??={}; SR7.PMH[\"SR7_3_2\"] = {cn:0,state:false,fn: function() { if (_tpt!==undefined && _tpt.prepareModuleHeight !== undefined) {  _tpt.prepareModuleHeight({id:\"SR7_3_2\",el:[640,640,640,500,350],type:'standard',shdw:'0',gh:[640,640,640,500,350],gw:[1240,1240,1240,778,480],vpt:['100px&#039;,&#039;100px&#039;,&#039;100px&#039;,&#039;100px&#039;,&#039;100px'],size:{fullWidth:true, fullHeight:false},mh:'0',onh:0,onw:0,bg:{color:'{\"type\":\"solid\",\"orig\":\"#ecece9\",\"string\":\"rgba(236, 236, 233, 1)\"}'}});   SR7.PMH[\"SR7_3_2\"].state=true;} else if((SR7.PMH[\"SR7_3_2\"].cn++)<100)\tsetTimeout( SR7.PMH[\"SR7_3_2\"].fn,19);}};SR7.PMH[\"SR7_3_2\" ].fn();\n\t\t\t\t<\/script>\n[vc_empty_space height=&#8221;20px&#8221;][vc_column_text css=&#8221;.vc_custom_1729879304100{padding-right: 4% !important;padding-left: 4% !important;}&#8221;]<strong>A hist\u00f3ria da Odontologia em Santa Catarina come\u00e7ou em 1917, com a cria\u00e7\u00e3o do primeiro curso na \u00e1rea, no Instituto Polytechnico de Florian\u00f3polis.<\/strong><\/p>\n<p>Ao longo de mais de 100 anos, essa trajet\u00f3ria se entrela\u00e7ou com a vida de todos que passaram por um cirurgi\u00e3o-dentista.<\/p>\n<p>Venha conhecer mais desta hist\u00f3ria fazendo uma visita ao acervo do Museu da Odontologia de Santa Catarina![\/vc_column_text][\/vc_column][\/vc_row][vc_row css_animation=&#8221;&#8221; row_type=&#8221;row&#8221; use_row_as_full_screen_section=&#8221;no&#8221; type=&#8221;grid&#8221; angled_section=&#8221;no&#8221; text_align=&#8221;left&#8221; background_image_as_pattern=&#8221;without_pattern&#8221; css=&#8221;.vc_custom_1727721584753{padding-top: 70px !important;padding-bottom: 0px !important;}&#8221; z_index=&#8221;&#8221;][vc_column][vc_row_inner row_type=&#8221;row&#8221; type=&#8221;full_width&#8221; text_align=&#8221;left&#8221; css_animation=&#8221;&#8221;][vc_column_inner width=&#8221;2\/5&#8243;][vc_column_text css=&#8221;&#8221;]<\/p>\n<h2 style=\"font-size: 24px;\">Uma amostra do nosso Acervo<\/h2>\n<p>[\/vc_column_text][\/vc_column_inner][vc_column_inner width=&#8221;3\/5&#8243;][vc_separator type=&#8221;normal&#8221; color=&#8221;#E0E0E0&#8243; thickness=&#8221;1&#8243; up=&#8221;20&#8243; down=&#8221;50&#8243;][\/vc_column_inner][\/vc_row_inner][vc_empty_space]<div class='projects_holder_outer v3 portfolio_with_space portfolio_standard  masonry_with_space'>\n        <div class='projects_holder portfolio_main_holder clearfix v3 standard portfolio_full_image portfolio_fade_from_bottom'>\n                    <div class=\"qode-portfolio-masonry-gallery-grid-sizer\"><\/div>\n            <div class=\"qode-portfolio-masonry-gallery-grid-gutter\"><\/div>\n        \n        <article class='mix portfolio_category_11 portfolio_category_3 default' style='padding: 0 20px;margin-bottom: 40px !important;'>\n    \n    \n    \n    \n            <div class=\"item_holder thin_plus_only\">\n\n                    <div class=\"text_holder\">\n        <div class=\"text_holder_outer\">\n            <div class=\"text_holder_inner\">\n                            <span class=\"thin_plus_only_icon\">+<\/span>\n                        <\/div>\n        <\/div>\n    <\/div>\n\n                                    <a itemprop=\"url\" class=\"portfolio_link_class\" title=\"Articulador Ajust\u00e1vel Dentatus\" href=\"https:\/\/www.mosc.org.br\/museuvirtual\/acervo\/articulador-ajustavel-dentatus\/\"><\/a>\n                \n                <div style=\"background-color: #91000245\" class=\"portfolio_shader\"><\/div>\n                <div class=\"image_holder\">\n                    \n<span class='image'><img loading=\"lazy\" decoding=\"async\" width=\"700\" height=\"467\" src=\"https:\/\/www.mosc.org.br\/museuvirtual\/wp-content\/uploads\/2016\/02\/articulador-ajustavel-dentatus-02-700x467.jpg\" class=\"attachment-portfolio_masonry_with_space size-portfolio_masonry_with_space wp-post-image\" alt=\"Uma vis\u00e3o lateral e pr\u00f3xima do articulador ajust\u00e1vel dent\u00e1rio modelo Dentatus. A estrutura met\u00e1lica azul e prateada \u00e9 detalhada, com v\u00e1rias engrenagens e partes m\u00f3veis que reproduzem movimentos mandibulares. O design \u00e9 intrincado e robusto, destacando a precis\u00e3o da ferramenta odontol\u00f3gica usada em laborat\u00f3rio para simular articula\u00e7\u00e3o da mand\u00edbula.\" srcset=\"https:\/\/www.mosc.org.br\/museuvirtual\/wp-content\/uploads\/2016\/02\/articulador-ajustavel-dentatus-02-700x467.jpg 700w, https:\/\/www.mosc.org.br\/museuvirtual\/wp-content\/uploads\/2016\/02\/articulador-ajustavel-dentatus-02-300x200.jpg 300w, https:\/\/www.mosc.org.br\/museuvirtual\/wp-content\/uploads\/2016\/02\/articulador-ajustavel-dentatus-02-1024x683.jpg 1024w, https:\/\/www.mosc.org.br\/museuvirtual\/wp-content\/uploads\/2016\/02\/articulador-ajustavel-dentatus-02-768x512.jpg 768w, https:\/\/www.mosc.org.br\/museuvirtual\/wp-content\/uploads\/2016\/02\/articulador-ajustavel-dentatus-02.jpg 1200w\" sizes=\"auto, (max-width: 700px) 100vw, 700px\" \/><\/span>                <\/div>\n            <\/div>\n\n                <div class='portfolio_description ' >\n\n        \n    <h5 itemprop=\"name\" class=\"portfolio_title entry_title\"><a itemprop=\"url\" href=\"https:\/\/www.mosc.org.br\/museuvirtual\/acervo\/articulador-ajustavel-dentatus\/\"  target=\"_self\"> Articulador Ajust\u00e1vel Dentatus<\/a><\/h5>\n\n\n        \n            <span class=\"project_category\"  >\n    Equipamentos de Laborat\u00f3rio, Museol\u00f3gico    <\/span>\n\n    <\/div>\n\n        \n<\/article>\n<article class='mix portfolio_category_9 portfolio_category_3 default' style='padding: 0 20px;margin-bottom: 40px !important;'>\n    \n    \n    \n    \n            <div class=\"item_holder thin_plus_only\">\n\n                    <div class=\"text_holder\">\n        <div class=\"text_holder_outer\">\n            <div class=\"text_holder_inner\">\n                            <span class=\"thin_plus_only_icon\">+<\/span>\n                        <\/div>\n        <\/div>\n    <\/div>\n\n                                    <a itemprop=\"url\" class=\"portfolio_link_class\" title=\"Equipo odontol\u00f3gico Atlante, cadeira Suprema\" href=\"https:\/\/www.mosc.org.br\/museuvirtual\/acervo\/equipo-odontologico-atlante-cadeira-suprema\/\"><\/a>\n                \n                <div style=\"background-color: #91000245\" class=\"portfolio_shader\"><\/div>\n                <div class=\"image_holder\">\n                    \n<span class='image'><img loading=\"lazy\" decoding=\"async\" width=\"700\" height=\"467\" src=\"https:\/\/www.mosc.org.br\/museuvirtual\/wp-content\/uploads\/2016\/02\/equipo-odontologico-atlante-cadeira-suprema-01-700x467.jpg\" class=\"attachment-portfolio_masonry_with_space size-portfolio_masonry_with_space wp-post-image\" alt=\"Conjunto odontol\u00f3gico verde com design cl\u00e1ssico, incluindo uma cadeira acolchoada, um refletor ajust\u00e1vel na parte superior, pia auxiliar, e uma unidade de controle lateral. O design robusto sugere um equipamento antigo ou vintage.\" srcset=\"https:\/\/www.mosc.org.br\/museuvirtual\/wp-content\/uploads\/2016\/02\/equipo-odontologico-atlante-cadeira-suprema-01-700x467.jpg 700w, https:\/\/www.mosc.org.br\/museuvirtual\/wp-content\/uploads\/2016\/02\/equipo-odontologico-atlante-cadeira-suprema-01-300x200.jpg 300w, https:\/\/www.mosc.org.br\/museuvirtual\/wp-content\/uploads\/2016\/02\/equipo-odontologico-atlante-cadeira-suprema-01-1024x683.jpg 1024w, https:\/\/www.mosc.org.br\/museuvirtual\/wp-content\/uploads\/2016\/02\/equipo-odontologico-atlante-cadeira-suprema-01-768x512.jpg 768w, https:\/\/www.mosc.org.br\/museuvirtual\/wp-content\/uploads\/2016\/02\/equipo-odontologico-atlante-cadeira-suprema-01.jpg 1200w\" sizes=\"auto, (max-width: 700px) 100vw, 700px\" \/><\/span>                <\/div>\n            <\/div>\n\n                <div class='portfolio_description ' >\n\n        \n    <h5 itemprop=\"name\" class=\"portfolio_title entry_title\"><a itemprop=\"url\" href=\"https:\/\/www.mosc.org.br\/museuvirtual\/acervo\/equipo-odontologico-atlante-cadeira-suprema\/\"  target=\"_self\"> Equipo odontol\u00f3gico Atlante, cadeira Suprema<\/a><\/h5>\n\n\n        \n            <span class=\"project_category\"  >\n    Mobili\u00e1rio, Museol\u00f3gico    <\/span>\n\n    <\/div>\n\n        \n<\/article>\n<article class='mix portfolio_category_14 portfolio_category_3 default' style='padding: 0 20px;margin-bottom: 40px !important;'>\n    \n    \n    \n    \n            <div class=\"item_holder thin_plus_only\">\n\n                    <div class=\"text_holder\">\n        <div class=\"text_holder_outer\">\n            <div class=\"text_holder_inner\">\n                            <span class=\"thin_plus_only_icon\">+<\/span>\n                        <\/div>\n        <\/div>\n    <\/div>\n\n                                    <a itemprop=\"url\" class=\"portfolio_link_class\" title=\"Tr\u00e9pano a pedal\" href=\"https:\/\/www.mosc.org.br\/museuvirtual\/acervo\/trepano-de-pedal\/\"><\/a>\n                \n                <div style=\"background-color: #91000245\" class=\"portfolio_shader\"><\/div>\n                <div class=\"image_holder\">\n                    \n<span class='image'><img loading=\"lazy\" decoding=\"async\" width=\"700\" height=\"467\" src=\"https:\/\/www.mosc.org.br\/museuvirtual\/wp-content\/uploads\/2024\/09\/32-1-horizontal-700x467.jpg\" class=\"attachment-portfolio_masonry_with_space size-portfolio_masonry_with_space wp-post-image\" alt=\"Tr\u00e9pano de pedal completo, visto de corpo inteiro. A ferramenta possui uma haste vertical com uma estrutura de engrenagem na parte inferior, acionada pelo pedal. Na parte superior, h\u00e1 um bra\u00e7o articulado que provavelmente \u00e9 utilizado para segurar a ferramenta de perfura\u00e7\u00e3o.\" srcset=\"https:\/\/www.mosc.org.br\/museuvirtual\/wp-content\/uploads\/2024\/09\/32-1-horizontal-700x467.jpg 700w, https:\/\/www.mosc.org.br\/museuvirtual\/wp-content\/uploads\/2024\/09\/32-1-horizontal-300x200.jpg 300w, https:\/\/www.mosc.org.br\/museuvirtual\/wp-content\/uploads\/2024\/09\/32-1-horizontal-1024x683.jpg 1024w, https:\/\/www.mosc.org.br\/museuvirtual\/wp-content\/uploads\/2024\/09\/32-1-horizontal-768x512.jpg 768w, https:\/\/www.mosc.org.br\/museuvirtual\/wp-content\/uploads\/2024\/09\/32-1-horizontal.jpg 1200w\" sizes=\"auto, (max-width: 700px) 100vw, 700px\" \/><\/span>                <\/div>\n            <\/div>\n\n                <div class='portfolio_description ' >\n\n        \n    <h5 itemprop=\"name\" class=\"portfolio_title entry_title\"><a itemprop=\"url\" href=\"https:\/\/www.mosc.org.br\/museuvirtual\/acervo\/trepano-de-pedal\/\"  target=\"_self\"> Tr\u00e9pano a pedal<\/a><\/h5>\n\n\n        \n            <span class=\"project_category\"  >\n    Instrumentais, Museol\u00f3gico    <\/span>\n\n    <\/div>\n\n        \n<\/article>\n<article class='mix portfolio_category_4 portfolio_category_19 default' style='padding: 0 20px;margin-bottom: 40px !important;'>\n    \n    \n    \n    \n            <div class=\"item_holder thin_plus_only\">\n\n                    <div class=\"text_holder\">\n        <div class=\"text_holder_outer\">\n            <div class=\"text_holder_inner\">\n                            <span class=\"thin_plus_only_icon\">+<\/span>\n                        <\/div>\n        <\/div>\n    <\/div>\n\n                                    <a itemprop=\"url\" class=\"portfolio_link_class\" title=\"Manual Odontol\u00f3gico de Augusto Coelho e Souza\" href=\"https:\/\/www.mosc.org.br\/museuvirtual\/acervo\/manual-odontologico\/\"><\/a>\n                \n                <div style=\"background-color: #91000245\" class=\"portfolio_shader\"><\/div>\n                <div class=\"image_holder\">\n                    \n<span class='image'><img loading=\"lazy\" decoding=\"async\" width=\"700\" height=\"467\" src=\"https:\/\/www.mosc.org.br\/museuvirtual\/wp-content\/uploads\/2024\/09\/manual-odontologico-700x467.jpg\" class=\"attachment-portfolio_masonry_with_space size-portfolio_masonry_with_space wp-post-image\" alt=\"Duas p\u00e1ginas abertas de um &quot;Manual Odontol\u00f3gico&quot; do autor Augusto Coelho e Souza, datado de 1930. As p\u00e1ginas cont\u00eam textos e ilustra\u00e7\u00f5es anat\u00f4micas da cabe\u00e7a e dos dentes. Abaixo, h\u00e1 legendas explicativas com uma breve biografia do autor e contexto sobre a relev\u00e2ncia do manual para a odontologia brasileira.\" srcset=\"https:\/\/www.mosc.org.br\/museuvirtual\/wp-content\/uploads\/2024\/09\/manual-odontologico-700x467.jpg 700w, https:\/\/www.mosc.org.br\/museuvirtual\/wp-content\/uploads\/2024\/09\/manual-odontologico-300x200.jpg 300w, https:\/\/www.mosc.org.br\/museuvirtual\/wp-content\/uploads\/2024\/09\/manual-odontologico-1024x683.jpg 1024w, https:\/\/www.mosc.org.br\/museuvirtual\/wp-content\/uploads\/2024\/09\/manual-odontologico-768x512.jpg 768w, https:\/\/www.mosc.org.br\/museuvirtual\/wp-content\/uploads\/2024\/09\/manual-odontologico.jpg 1200w\" sizes=\"auto, (max-width: 700px) 100vw, 700px\" \/><\/span>                <\/div>\n            <\/div>\n\n                <div class='portfolio_description ' >\n\n        \n    <h5 itemprop=\"name\" class=\"portfolio_title entry_title\"><a itemprop=\"url\" href=\"https:\/\/www.mosc.org.br\/museuvirtual\/acervo\/manual-odontologico\/\"  target=\"_self\"> Manual Odontol\u00f3gico de Augusto Coelho e Souza<\/a><\/h5>\n\n\n        \n            <span class=\"project_category\"  >\n    Bibliogr\u00e1fico, Livros    <\/span>\n\n    <\/div>\n\n        \n<\/article>\n<article class='mix portfolio_category_6 portfolio_category_21 default' style='padding: 0 20px;margin-bottom: 40px !important;'>\n    \n    \n    \n    \n            <div class=\"item_holder thin_plus_only\">\n\n                    <div class=\"text_holder\">\n        <div class=\"text_holder_outer\">\n            <div class=\"text_holder_inner\">\n                            <span class=\"thin_plus_only_icon\">+<\/span>\n                        <\/div>\n        <\/div>\n    <\/div>\n\n                                    <a itemprop=\"url\" class=\"portfolio_link_class\" title=\"Quadro de formatura, foto e placa da Dra Maria Passerino Wildi\" href=\"https:\/\/www.mosc.org.br\/museuvirtual\/acervo\/quadro-de-formatura-maria-passerino\/\"><\/a>\n                \n                <div style=\"background-color: #91000245\" class=\"portfolio_shader\"><\/div>\n                <div class=\"image_holder\">\n                    \n<span class='image'><img loading=\"lazy\" decoding=\"async\" width=\"700\" height=\"467\" src=\"https:\/\/www.mosc.org.br\/museuvirtual\/wp-content\/uploads\/2024\/09\/quadro-de-formatura-maria-passerino-wilde-700x467.jpg\" class=\"attachment-portfolio_masonry_with_space size-portfolio_masonry_with_space wp-post-image\" alt=\"A imagem cont\u00e9m tr\u00eas elementos principais. \u00c0 esquerda, h\u00e1 um retrato em preto e branco da Dra. Maria Passerino Wilde, emoldurado em preto com uma placa dourada contendo seu nome completo. \u00c0 direita, uma moldura dourada abriga um quadro de formatura da &quot;Faculdade de Medicina do Paran\u00e1 - Graduandos em Odontologia&quot;, datado de 1918, com retratos ovais dos formandos ao redor de um retrato central maior e detalhes florais decorativos. Na parte inferior, h\u00e1 uma placa met\u00e1lica gravada com o nome &quot;Maria Passerino - Cirurgia-Dentista&quot;, com bordas arredondadas e letras em alto relevo, sugerindo uso como placa profissional de consult\u00f3rio odontol\u00f3gico.\" srcset=\"https:\/\/www.mosc.org.br\/museuvirtual\/wp-content\/uploads\/2024\/09\/quadro-de-formatura-maria-passerino-wilde-700x467.jpg 700w, https:\/\/www.mosc.org.br\/museuvirtual\/wp-content\/uploads\/2024\/09\/quadro-de-formatura-maria-passerino-wilde-300x200.jpg 300w, https:\/\/www.mosc.org.br\/museuvirtual\/wp-content\/uploads\/2024\/09\/quadro-de-formatura-maria-passerino-wilde-1024x683.jpg 1024w, https:\/\/www.mosc.org.br\/museuvirtual\/wp-content\/uploads\/2024\/09\/quadro-de-formatura-maria-passerino-wilde-768x512.jpg 768w, https:\/\/www.mosc.org.br\/museuvirtual\/wp-content\/uploads\/2024\/09\/quadro-de-formatura-maria-passerino-wilde.jpg 1200w\" sizes=\"auto, (max-width: 700px) 100vw, 700px\" \/><\/span>                <\/div>\n            <\/div>\n\n                <div class='portfolio_description ' >\n\n        \n    <h5 itemprop=\"name\" class=\"portfolio_title entry_title\"><a itemprop=\"url\" href=\"https:\/\/www.mosc.org.br\/museuvirtual\/acervo\/quadro-de-formatura-maria-passerino\/\"  target=\"_self\"> Quadro de formatura, foto e placa da Dra Maria Passerino Wildi<\/a><\/h5>\n\n\n        \n            <span class=\"project_category\"  >\n    Arquiv\u00edstico, Quadros    <\/span>\n\n    <\/div>\n\n        \n<\/article>\n<article class='mix portfolio_category_18 portfolio_category_3 default' style='padding: 0 20px;margin-bottom: 40px !important;'>\n    \n    \n    \n    \n            <div class=\"item_holder thin_plus_only\">\n\n                    <div class=\"text_holder\">\n        <div class=\"text_holder_outer\">\n            <div class=\"text_holder_inner\">\n                            <span class=\"thin_plus_only_icon\">+<\/span>\n                        <\/div>\n        <\/div>\n    <\/div>\n\n                                    <a itemprop=\"url\" class=\"portfolio_link_class\" title=\"Foto do Instituto Polythecnico de Florian\u00f3polis\" href=\"https:\/\/www.mosc.org.br\/museuvirtual\/acervo\/foto-do-instituto-polythecnico-de-florianopolis\/\"><\/a>\n                \n                <div style=\"background-color: #91000245\" class=\"portfolio_shader\"><\/div>\n                <div class=\"image_holder\">\n                    \n<span class='image'><img loading=\"lazy\" decoding=\"async\" width=\"700\" height=\"467\" src=\"https:\/\/www.mosc.org.br\/museuvirtual\/wp-content\/uploads\/2024\/10\/Instituto-politecnico-fpolis-destacada-700x467.jpg\" class=\"attachment-portfolio_masonry_with_space size-portfolio_masonry_with_space wp-post-image\" alt=\"Pr\u00e9dio de esquina com fachada clara e detalhes em azulejos, com janelas retangulares e portas no n\u00edvel t\u00e9rreo. Na fachada, h\u00e1 v\u00e1rias inscri\u00e7\u00f5es &quot;INSTITUTO POLYTECHNICO&quot; em letras grandes, inclusive em uma placa no canto superior do edif\u00edcio. O estilo arquitet\u00f4nico \u00e9 cl\u00e1ssico, com parapeito ornamental no topo. A imagem \u00e9 a reprodu\u00e7\u00e3o de uma fotografia antiga, com tons amarelados.\" srcset=\"https:\/\/www.mosc.org.br\/museuvirtual\/wp-content\/uploads\/2024\/10\/Instituto-politecnico-fpolis-destacada-700x467.jpg 700w, https:\/\/www.mosc.org.br\/museuvirtual\/wp-content\/uploads\/2024\/10\/Instituto-politecnico-fpolis-destacada-300x200.jpg 300w, https:\/\/www.mosc.org.br\/museuvirtual\/wp-content\/uploads\/2024\/10\/Instituto-politecnico-fpolis-destacada-768x512.jpg 768w, https:\/\/www.mosc.org.br\/museuvirtual\/wp-content\/uploads\/2024\/10\/Instituto-politecnico-fpolis-destacada.jpg 1024w\" sizes=\"auto, (max-width: 700px) 100vw, 700px\" \/><\/span>                <\/div>\n            <\/div>\n\n                <div class='portfolio_description ' >\n\n        \n    <h5 itemprop=\"name\" class=\"portfolio_title entry_title\"><a itemprop=\"url\" href=\"https:\/\/www.mosc.org.br\/museuvirtual\/acervo\/foto-do-instituto-polythecnico-de-florianopolis\/\"  target=\"_self\"> Foto do Instituto Polythecnico de Florian\u00f3polis<\/a><\/h5>\n\n\n        \n            <span class=\"project_category\"  >\n    Audiovisual, Museol\u00f3gico    <\/span>\n\n    <\/div>\n\n        \n<\/article>\n        <div class='filler'><\/div>\n            <div class='filler'><\/div>\n            <div class='filler'><\/div>\n        <\/div>\n\n    \n    <\/div>[\/vc_column][\/vc_row][vc_row css_animation=&#8221;&#8221; row_type=&#8221;row&#8221; use_row_as_full_screen_section=&#8221;no&#8221; type=&#8221;grid&#8221; angled_section=&#8221;no&#8221; text_align=&#8221;center&#8221; background_image_as_pattern=&#8221;without_pattern&#8221; z_index=&#8221;&#8221;][vc_column offset=&#8221;vc_hidden-sm vc_hidden-xs&#8221;]<a  itemprop=\"url\" href=\"https:\/\/www.mosc.org.br\/museuvirtual\/acervos\/\" target=\"_self\"  class=\"qbutton  default\" style=\"font-size: 14px; \">Veja o Acervo Completo com filtros por tipo, per\u00edodo, local e palavras-chave<\/a>[vc_empty_space height=&#8221;80px&#8221;][\/vc_column][\/vc_row][vc_row css_animation=&#8221;&#8221; row_type=&#8221;row&#8221; use_row_as_full_screen_section=&#8221;no&#8221; type=&#8221;grid&#8221; angled_section=&#8221;no&#8221; text_align=&#8221;center&#8221; background_image_as_pattern=&#8221;without_pattern&#8221; z_index=&#8221;&#8221;][vc_column offset=&#8221;vc_hidden-lg vc_hidden-md&#8221;][vc_column_text css=&#8221;&#8221;]<\/p>\n<h4 style=\"text-align: center;\"><a style=\"color: #910002; text-decoration: none;\" href=\"https:\/\/www.mosc.org.br\/museuvirtual\/acervos\/\">CLIQUE AQUI PARA VER O ACERVO COMPLETO COM FILTROS POR TIPO, PER\u00cdODO, LOCAL\u00a0 E PALAVRAS-CHAVE<\/a><\/h4>\n<p>[\/vc_column_text][vc_empty_space height=&#8221;80px&#8221;][\/vc_column][\/vc_row][vc_row css_animation=&#8221;&#8221; row_type=&#8221;row&#8221; use_row_as_full_screen_section=&#8221;no&#8221; type=&#8221;grid&#8221; angled_section=&#8221;no&#8221; text_align=&#8221;left&#8221; background_image_as_pattern=&#8221;without_pattern&#8221; z_index=&#8221;&#8221;][vc_column][vc_row_inner row_type=&#8221;row&#8221; type=&#8221;full_width&#8221; text_align=&#8221;left&#8221; css_animation=&#8221;&#8221;][vc_column_inner width=&#8221;1\/5&#8243;][vc_column_text css=&#8221;&#8221;]<\/p>\n<h2 style=\"font-size: 24px;\">Destaques<\/h2>\n<p>[\/vc_column_text][\/vc_column_inner][vc_column_inner width=&#8221;4\/5&#8243;][vc_separator type=&#8221;normal&#8221; color=&#8221;#E0E0E0&#8243; thickness=&#8221;1&#8243; up=&#8221;20&#8243; down=&#8221;50&#8243;][\/vc_column_inner][\/vc_row_inner][vc_row_inner row_type=&#8221;row&#8221; type=&#8221;full_width&#8221; text_align=&#8221;left&#8221; css_animation=&#8221;&#8221;][vc_column_inner width=&#8221;1\/3&#8243;][vc_column_text css=&#8221;&#8221;]<\/p>\n<h3><strong>Apoie o MOSC<\/strong><\/h3>\n<p>[\/vc_column_text][vc_empty_space height=&#8221;20px&#8221;][vc_single_image image=&#8221;575&#8243; img_size=&#8221;full&#8221; css=&#8221;&#8221; qode_css_animation=&#8221;element_from_left&#8221;][vc_empty_space height=&#8221;20px&#8221;][vc_column_text css=&#8221;&#8221;]<strong>Ajude a manter viva a mem\u00f3ria da odontologia catarinense.<\/strong> Voc\u00ea pode se associar para contribuir com a preserva\u00e7\u00e3o do nosso acervo e outros projetos, al\u00e9m de destinar parte do seu Imposto de Renda, tanto pessoa f\u00edsica quanto jur\u00eddica, para fortalecer nossa iniciativa cultural, apoiando o MOSC sem pagar nada a mais nem diminuir sua restitui\u00e7\u00e3o.[\/vc_column_text][vc_empty_space height=&#8221;20px&#8221;]<a  itemprop=\"url\" href=\"https:\/\/mosc.org.br\/apoie\/seja-um-associado\/formularios\/pessoa-fisica\" target=\"_blank\"  class=\"qbutton  default\" style=\"\">Quero Apoiar!<\/a>[vc_empty_space height=&#8221;20px&#8221;][vc_empty_space height=&#8221;20px&#8221;][\/vc_column_inner][vc_column_inner width=&#8221;1\/3&#8243;][vc_column_text css=&#8221;&#8221;]<\/p>\n<h3><strong>Doe para o Acervo<\/strong><\/h3>\n<div id=\"gtx-trans\" style=\"position: absolute; left: 120px; top: 44.1597px;\">\n<div class=\"gtx-trans-icon\"><\/div>\n<\/div>\n<p>[\/vc_column_text][vc_empty_space height=&#8221;20px&#8221;][vc_single_image image=&#8221;250&#8243; img_size=&#8221;full&#8221; css=&#8221;&#8221; qode_css_animation=&#8221;element_from_right&#8221;][vc_empty_space height=&#8221;20px&#8221;][vc_column_text css=&#8221;&#8221;]<strong>Equipamentos, materiais, instrumentos, livros, pe\u00e7as liter\u00e1rias, separatas, documentos, imagens, v\u00eddeos e outros itens usados na odontologia <\/strong>s\u00e3o essenciais para enriquecer o acervo museol\u00f3gico, bibliogr\u00e1fico e arquiv\u00edstico do MOSC. Doe objetos que fizeram parte da pr\u00e1tica odontol\u00f3gica e ajude a consolidar a hist\u00f3ria da nossa profiss\u00e3o![\/vc_column_text][vc_empty_space height=&#8221;20px&#8221;]<a  itemprop=\"url\" href=\"https:\/\/mosc.org.br\/apoie\/doe-para-o-acervo-do-mosc\/formulario-doacao-acervo\" target=\"_blank\"  class=\"qbutton  default\" style=\"\">Tenho itens para doar!<\/a>[vc_empty_space height=&#8221;20px&#8221;][vc_empty_space height=&#8221;20px&#8221;][\/vc_column_inner][vc_column_inner width=&#8221;1\/3&#8243;][vc_column_text css=&#8221;&#8221;]<\/p>\n<h3 style=\"text-align: left;\"><strong>MANTENEDOR<\/strong><\/h3>\n<div id=\"gtx-trans\" style=\"position: absolute; left: 422px; top: -6.28125px;\">\n<div class=\"gtx-trans-icon\"><\/div>\n<\/div>\n<p>[\/vc_column_text][vc_empty_space height=&#8221;20px&#8221;][vc_single_image image=&#8221;506&#8243; img_size=&#8221;full&#8221; alignment=&#8221;right&#8221; onclick=&#8221;custom_link&#8221; img_link_target=&#8221;_blank&#8221; css=&#8221;&#8221; qode_css_animation=&#8221;&#8221; link=&#8221;https:\/\/www.acodontologia.com.br\/&#8221;][vc_empty_space height=&#8221;20px&#8221;][vc_empty_space height=&#8221;20px&#8221;][\/vc_column_inner][\/vc_row_inner][\/vc_column][\/vc_row]<\/p>\n<\/div>","protected":false},"excerpt":{"rendered":"<p>[vc_row css_animation=&#8221;&#8221; row_type=&#8221;row&#8221; use_row_as_full_screen_section=&#8221;no&#8221; type=&#8221;full_width&#8221; angled_section=&#8221;no&#8221; text_align=&#8221;left&#8221; background_image_as_pattern=&#8221;without_pattern&#8221;][vc_column offset=&#8221;vc_hidden-sm vc_hidden-xs&#8221;][\/vc_column][\/vc_row][vc_row css_animation=&#8221;&#8221; row_type=&#8221;row&#8221; use_row_as_full_screen_section=&#8221;no&#8221; type=&#8221;full_width&#8221; angled_section=&#8221;no&#8221; text_align=&#8221;left&#8221; background_image_as_pattern=&#8221;without_pattern&#8221;][vc_column offset=&#8221;vc_hidden-lg vc_hidden-md&#8221;][vc_empty_space height=&#8221;20px&#8221;][vc_column_text css=&#8221;.vc_custom_1729879304100{padding-right: 4% !important;padding-left: 4% !important;}&#8221;]A hist\u00f3ria da Odontologia em Santa Catarina come\u00e7ou em 1917, com a cria\u00e7\u00e3o do primeiro curso na \u00e1rea, no Instituto Polytechnico&#8230;<\/p>\n","protected":false},"author":1,"featured_media":0,"parent":0,"menu_order":0,"comment_status":"closed","ping_status":"closed","template":"full_width.php","meta":{"footnotes":""},"class_list":["post-194","page","type-page","status-publish","hentry"],"_links":{"self":[{"href":"https:\/\/www.mosc.org.br\/museuvirtual\/wp-json\/wp\/v2\/pages\/194","targetHints":{"allow":["GET"]}}],"collection":[{"href":"https:\/\/www.mosc.org.br\/museuvirtual\/wp-json\/wp\/v2\/pages"}],"about":[{"href":"https:\/\/www.mosc.org.br\/museuvirtual\/wp-json\/wp\/v2\/types\/page"}],"author":[{"embeddable":true,"href":"https:\/\/www.mosc.org.br\/museuvirtual\/wp-json\/wp\/v2\/users\/1"}],"replies":[{"embeddable":true,"href":"https:\/\/www.mosc.org.br\/museuvirtual\/wp-json\/wp\/v2\/comments?post=194"}],"version-history":[{"count":47,"href":"https:\/\/www.mosc.org.br\/museuvirtual\/wp-json\/wp\/v2\/pages\/194\/revisions"}],"predecessor-version":[{"id":576,"href":"https:\/\/www.mosc.org.br\/museuvirtual\/wp-json\/wp\/v2\/pages\/194\/revisions\/576"}],"wp:attachment":[{"href":"https:\/\/www.mosc.org.br\/museuvirtual\/wp-json\/wp\/v2\/media?parent=194"}],"curies":[{"name":"wp","href":"https:\/\/api.w.org\/{rel}","templated":true}]}}